{"id":510,"date":"2021-05-08T10:19:07","date_gmt":"2021-05-08T08:19:07","guid":{"rendered":"http:\/\/riudelletres.cat\/?page_id=510"},"modified":"2021-05-08T10:19:07","modified_gmt":"2021-05-08T08:19:07","slug":"debat-a-3-la-vida-a-pages-en-la-literatura","status":"publish","type":"page","link":"https:\/\/riudelletres.cat\/index.php\/edicions-anteriors\/debat-a-3-la-vida-a-pages-en-la-literatura\/","title":{"rendered":"Debat a 3 &#8211; la vida a pag\u00e8s en la literatura"},"content":{"rendered":"\n<p><strong>Debat sobre la idealitzaci\u00f3 de la vida a pag\u00e8s en la literatura<\/strong><\/p>\n\n\n\n<figure class=\"wp-block-image\"><img loading=\"lazy\" width=\"1018\" height=\"721\" src=\"http:\/\/riudelletres.cat\/wp-content\/uploads\/2020\/12\/cartell_vida_a_pages.jpg\" alt=\"\" class=\"wp-image-281\" srcset=\"https:\/\/riudelletres.cat\/wp-content\/uploads\/2020\/12\/cartell_vida_a_pages.jpg 1018w, https:\/\/riudelletres.cat\/wp-content\/uploads\/2020\/12\/cartell_vida_a_pages-300x212.jpg 300w, https:\/\/riudelletres.cat\/wp-content\/uploads\/2020\/12\/cartell_vida_a_pages-768x544.jpg 768w\" sizes=\"(max-width: 1018px) 100vw, 1018px\" \/><\/figure>\n\n\n\n<p>Com explica la vida a pag\u00e8s la literatura? \u00c9s tan buc\u00f2lica com alguns la pinten? \u00c9s tan dura com altres la descriuen? Quina funci\u00f3 ha de tenir la literatura en plasmar la realitat? Com s\u00f3n els personatges de l&#8217;entorn rural? Com actuen davant els imprevistos? Creieu que un dels objectius de la literatura rural \u00e9s desmentir els mites que existeixen sobre la vida en un poble? <\/p>\n","protected":false},"excerpt":{"rendered":"<p>Debat sobre la idealitzaci\u00f3 de la vida a pag\u00e8s en la literatura Com explica la vida a pag\u00e8s la literatura? \u00c9s tan buc\u00f2lica com alguns la pinten? \u00c9s tan dura com altres la descriuen? Quina<\/p>\n","protected":false},"author":1,"featured_media":0,"parent":31,"menu_order":0,"comment_status":"closed","ping_status":"closed","template":"","meta":[],"_links":{"self":[{"href":"https:\/\/riudelletres.cat\/index.php\/wp-json\/wp\/v2\/pages\/510"}],"collection":[{"href":"https:\/\/riudelletres.cat\/index.php\/wp-json\/wp\/v2\/pages"}],"about":[{"href":"https:\/\/riudelletres.cat\/index.php\/wp-json\/wp\/v2\/types\/page"}],"author":[{"embeddable":true,"href":"https:\/\/riudelletres.cat\/index.php\/wp-json\/wp\/v2\/users\/1"}],"replies":[{"embeddable":true,"href":"https:\/\/riudelletres.cat\/index.php\/wp-json\/wp\/v2\/comments?post=510"}],"version-history":[{"count":1,"href":"https:\/\/riudelletres.cat\/index.php\/wp-json\/wp\/v2\/pages\/510\/revisions"}],"predecessor-version":[{"id":512,"href":"https:\/\/riudelletres.cat\/index.php\/wp-json\/wp\/v2\/pages\/510\/revisions\/512"}],"up":[{"embeddable":true,"href":"https:\/\/riudelletres.cat\/index.php\/wp-json\/wp\/v2\/pages\/31"}],"wp:attachment":[{"href":"https:\/\/riudelletres.cat\/index.php\/wp-json\/wp\/v2\/media?parent=510"}],"curies":[{"name":"wp","href":"https:\/\/api.w.org\/{rel}","templated":true}]}}