{"id":31,"date":"2019-07-17T13:33:20","date_gmt":"2019-07-17T11:33:20","guid":{"rendered":"http:\/\/riudelletres.cat\/?page_id=31"},"modified":"2025-07-21T20:33:58","modified_gmt":"2025-07-21T18:33:58","slug":"edicions-anteriors","status":"publish","type":"page","link":"https:\/\/riudelletres.cat\/index.php\/edicions-anteriors\/","title":{"rendered":"Edicions anteriors"},"content":{"rendered":"\n<p>El Riudelletres va comen\u00e7ar a rodar el 2017 amb una primera xerrada i una taula rodona per parlar sobre l\u2019estat de la promoci\u00f3 liter\u00e0ria i del m\u00f3n editorial en general. Aquell va ser l&#8217;embri\u00f3 d&#8217;una trobada anual que s&#8217;ha anat fent gran a mesura que passava el temps i que s&#8217;ha convertit, des de l&#8217;edici\u00f3 del 2023, en una fira de llibres que vol portar la literatura al carrer i acostar-la al p\u00fablic. <\/p>\n\n\n\n<p>El Riudelletres, per\u00f2, \u00e9s molt m\u00e9s que una fira, perqu\u00e8 tamb\u00e9 \u00e9s una trobada de tots els agents del m\u00f3n de la literatura on es debat, s&#8217;explica, es posa en com\u00fa tot all\u00f2 que pot ajudar als implicats en aquest art d&#8217;explicar hist\u00f2ries.<\/p>\n\n\n\n<figure class=\"wp-block-gallery columns-3 is-cropped\"><ul class=\"blocks-gallery-grid\"><li class=\"blocks-gallery-item\"><figure><img loading=\"lazy\" width=\"1024\" height=\"768\" src=\"http:\/\/riudelletres.cat\/wp-content\/uploads\/2025\/01\/IMG_7722-1024x768.jpeg\" alt=\"\" data-id=\"1251\" data-full-url=\"http:\/\/riudelletres.cat\/wp-content\/uploads\/2025\/01\/IMG_7722-scaled.jpeg\" data-link=\"https:\/\/riudelletres.cat\/index.php\/que-es\/que-es\/img_7722\/\" class=\"wp-image-1251\" srcset=\"https:\/\/riudelletres.cat\/wp-content\/uploads\/2025\/01\/IMG_7722-1024x768.jpeg 1024w, https:\/\/riudelletres.cat\/wp-content\/uploads\/2025\/01\/IMG_7722-300x225.jpeg 300w, https:\/\/riudelletres.cat\/wp-content\/uploads\/2025\/01\/IMG_7722-768x576.jpeg 768w, https:\/\/riudelletres.cat\/wp-content\/uploads\/2025\/01\/IMG_7722-1536x1152.jpeg 1536w, https:\/\/riudelletres.cat\/wp-content\/uploads\/2025\/01\/IMG_7722-2048x1536.jpeg 2048w, https:\/\/riudelletres.cat\/wp-content\/uploads\/2025\/01\/IMG_7722-840x630.jpeg 840w, https:\/\/riudelletres.cat\/wp-content\/uploads\/2025\/01\/IMG_7722-440x330.jpeg 440w\" sizes=\"(max-width: 1024px) 100vw, 1024px\" \/><\/figure><\/li><li class=\"blocks-gallery-item\"><figure><img loading=\"lazy\" width=\"1024\" height=\"768\" src=\"http:\/\/riudelletres.cat\/wp-content\/uploads\/2025\/01\/IMG_7592-1024x768.jpeg\" alt=\"\" data-id=\"1247\" data-full-url=\"http:\/\/riudelletres.cat\/wp-content\/uploads\/2025\/01\/IMG_7592-scaled.jpeg\" data-link=\"https:\/\/riudelletres.cat\/index.php\/que-es\/que-es\/img_7592\/\" class=\"wp-image-1247\" srcset=\"https:\/\/riudelletres.cat\/wp-content\/uploads\/2025\/01\/IMG_7592-1024x768.jpeg 1024w, https:\/\/riudelletres.cat\/wp-content\/uploads\/2025\/01\/IMG_7592-300x225.jpeg 300w, https:\/\/riudelletres.cat\/wp-content\/uploads\/2025\/01\/IMG_7592-768x576.jpeg 768w, https:\/\/riudelletres.cat\/wp-content\/uploads\/2025\/01\/IMG_7592-1536x1152.jpeg 1536w, https:\/\/riudelletres.cat\/wp-content\/uploads\/2025\/01\/IMG_7592-2048x1536.jpeg 2048w, https:\/\/riudelletres.cat\/wp-content\/uploads\/2025\/01\/IMG_7592-840x630.jpeg 840w, https:\/\/riudelletres.cat\/wp-content\/uploads\/2025\/01\/IMG_7592-440x330.jpeg 440w\" sizes=\"(max-width: 1024px) 100vw, 1024px\" \/><\/figure><\/li><li class=\"blocks-gallery-item\"><figure><img loading=\"lazy\" width=\"1024\" height=\"768\" src=\"http:\/\/riudelletres.cat\/wp-content\/uploads\/2024\/10\/Riudelletres-2024_1-1024x768.jpeg\" alt=\"\" data-id=\"1238\" data-full-url=\"http:\/\/riudelletres.cat\/wp-content\/uploads\/2024\/10\/Riudelletres-2024_1.jpeg\" data-link=\"https:\/\/riudelletres.cat\/index.php\/riudelletres-2024-14-i-15-de-setembre-sant-pere-de-riudebitlles\/riudelletres-2024_1\/\" class=\"wp-image-1238\" srcset=\"https:\/\/riudelletres.cat\/wp-content\/uploads\/2024\/10\/Riudelletres-2024_1-1024x768.jpeg 1024w, https:\/\/riudelletres.cat\/wp-content\/uploads\/2024\/10\/Riudelletres-2024_1-300x225.jpeg 300w, https:\/\/riudelletres.cat\/wp-content\/uploads\/2024\/10\/Riudelletres-2024_1-768x576.jpeg 768w, https:\/\/riudelletres.cat\/wp-content\/uploads\/2024\/10\/Riudelletres-2024_1-1536x1152.jpeg 1536w, https:\/\/riudelletres.cat\/wp-content\/uploads\/2024\/10\/Riudelletres-2024_1-840x630.jpeg 840w, https:\/\/riudelletres.cat\/wp-content\/uploads\/2024\/10\/Riudelletres-2024_1-440x330.jpeg 440w, https:\/\/riudelletres.cat\/wp-content\/uploads\/2024\/10\/Riudelletres-2024_1.jpeg 2048w\" sizes=\"(max-width: 1024px) 100vw, 1024px\" \/><\/figure><\/li><li class=\"blocks-gallery-item\"><figure><img loading=\"lazy\" width=\"1024\" height=\"768\" src=\"http:\/\/riudelletres.cat\/wp-content\/uploads\/2024\/10\/IMG_7692-1024x768.jpeg\" alt=\"\" data-id=\"1232\" data-full-url=\"http:\/\/riudelletres.cat\/wp-content\/uploads\/2024\/10\/IMG_7692-scaled.jpeg\" data-link=\"https:\/\/riudelletres.cat\/index.php\/riudelletres-2024-14-i-15-de-setembre-sant-pere-de-riudebitlles\/img_7692\/\" class=\"wp-image-1232\" srcset=\"https:\/\/riudelletres.cat\/wp-content\/uploads\/2024\/10\/IMG_7692-1024x768.jpeg 1024w, https:\/\/riudelletres.cat\/wp-content\/uploads\/2024\/10\/IMG_7692-300x225.jpeg 300w, https:\/\/riudelletres.cat\/wp-content\/uploads\/2024\/10\/IMG_7692-768x576.jpeg 768w, https:\/\/riudelletres.cat\/wp-content\/uploads\/2024\/10\/IMG_7692-1536x1152.jpeg 1536w, https:\/\/riudelletres.cat\/wp-content\/uploads\/2024\/10\/IMG_7692-2048x1536.jpeg 2048w, https:\/\/riudelletres.cat\/wp-content\/uploads\/2024\/10\/IMG_7692-840x630.jpeg 840w, https:\/\/riudelletres.cat\/wp-content\/uploads\/2024\/10\/IMG_7692-440x330.jpeg 440w\" sizes=\"(max-width: 1024px) 100vw, 1024px\" \/><\/figure><\/li><li class=\"blocks-gallery-item\"><figure><img loading=\"lazy\" width=\"768\" height=\"1024\" src=\"http:\/\/riudelletres.cat\/wp-content\/uploads\/2024\/10\/IMG_7681-768x1024.jpeg\" alt=\"\" data-id=\"1229\" data-full-url=\"http:\/\/riudelletres.cat\/wp-content\/uploads\/2024\/10\/IMG_7681-scaled.jpeg\" data-link=\"https:\/\/riudelletres.cat\/index.php\/riudelletres-2024-14-i-15-de-setembre-sant-pere-de-riudebitlles\/img_7681\/\" class=\"wp-image-1229\" srcset=\"https:\/\/riudelletres.cat\/wp-content\/uploads\/2024\/10\/IMG_7681-768x1024.jpeg 768w, https:\/\/riudelletres.cat\/wp-content\/uploads\/2024\/10\/IMG_7681-225x300.jpeg 225w, https:\/\/riudelletres.cat\/wp-content\/uploads\/2024\/10\/IMG_7681-1152x1536.jpeg 1152w, https:\/\/riudelletres.cat\/wp-content\/uploads\/2024\/10\/IMG_7681-1536x2048.jpeg 1536w, https:\/\/riudelletres.cat\/wp-content\/uploads\/2024\/10\/IMG_7681-scaled.jpeg 1920w\" sizes=\"(max-width: 768px) 100vw, 768px\" \/><\/figure><\/li><li class=\"blocks-gallery-item\"><figure><img loading=\"lazy\" width=\"1024\" height=\"768\" src=\"http:\/\/riudelletres.cat\/wp-content\/uploads\/2024\/10\/IMG_7604-1024x768.jpeg\" alt=\"\" data-id=\"1227\" data-full-url=\"http:\/\/riudelletres.cat\/wp-content\/uploads\/2024\/10\/IMG_7604-scaled.jpeg\" data-link=\"https:\/\/riudelletres.cat\/index.php\/riudelletres-2024-14-i-15-de-setembre-sant-pere-de-riudebitlles\/img_7604\/\" class=\"wp-image-1227\" srcset=\"https:\/\/riudelletres.cat\/wp-content\/uploads\/2024\/10\/IMG_7604-1024x768.jpeg 1024w, https:\/\/riudelletres.cat\/wp-content\/uploads\/2024\/10\/IMG_7604-300x225.jpeg 300w, https:\/\/riudelletres.cat\/wp-content\/uploads\/2024\/10\/IMG_7604-768x576.jpeg 768w, https:\/\/riudelletres.cat\/wp-content\/uploads\/2024\/10\/IMG_7604-1536x1152.jpeg 1536w, https:\/\/riudelletres.cat\/wp-content\/uploads\/2024\/10\/IMG_7604-2048x1536.jpeg 2048w, https:\/\/riudelletres.cat\/wp-content\/uploads\/2024\/10\/IMG_7604-840x630.jpeg 840w, https:\/\/riudelletres.cat\/wp-content\/uploads\/2024\/10\/IMG_7604-440x330.jpeg 440w\" sizes=\"(max-width: 1024px) 100vw, 1024px\" \/><\/figure><\/li><li class=\"blocks-gallery-item\"><figure><img loading=\"lazy\" width=\"768\" height=\"1024\" src=\"http:\/\/riudelletres.cat\/wp-content\/uploads\/2024\/06\/image00066-768x1024.jpeg\" alt=\"\" data-id=\"1087\" data-full-url=\"http:\/\/riudelletres.cat\/wp-content\/uploads\/2024\/06\/image00066-scaled.jpeg\" data-link=\"https:\/\/riudelletres.cat\/index.php\/riudelletres-2023-en-imatges\/image00066-2\/\" class=\"wp-image-1087\" srcset=\"https:\/\/riudelletres.cat\/wp-content\/uploads\/2024\/06\/image00066-768x1024.jpeg 768w, https:\/\/riudelletres.cat\/wp-content\/uploads\/2024\/06\/image00066-225x300.jpeg 225w, https:\/\/riudelletres.cat\/wp-content\/uploads\/2024\/06\/image00066-1152x1536.jpeg 1152w, https:\/\/riudelletres.cat\/wp-content\/uploads\/2024\/06\/image00066-1536x2048.jpeg 1536w, https:\/\/riudelletres.cat\/wp-content\/uploads\/2024\/06\/image00066-scaled.jpeg 1920w\" sizes=\"(max-width: 768px) 100vw, 768px\" \/><\/figure><\/li><li class=\"blocks-gallery-item\"><figure><img loading=\"lazy\" width=\"576\" height=\"1024\" src=\"http:\/\/riudelletres.cat\/wp-content\/uploads\/2024\/06\/WhatsApp-Image-2023-10-01-at-14.36.53-1-576x1024.jpeg\" alt=\"\" data-id=\"1089\" data-full-url=\"http:\/\/riudelletres.cat\/wp-content\/uploads\/2024\/06\/WhatsApp-Image-2023-10-01-at-14.36.53-1.jpeg\" data-link=\"https:\/\/riudelletres.cat\/index.php\/riudelletres-2023-en-imatges\/whatsapp-image-2023-10-01-at-14-36-53-1\/\" class=\"wp-image-1089\" srcset=\"https:\/\/riudelletres.cat\/wp-content\/uploads\/2024\/06\/WhatsApp-Image-2023-10-01-at-14.36.53-1-576x1024.jpeg 576w, https:\/\/riudelletres.cat\/wp-content\/uploads\/2024\/06\/WhatsApp-Image-2023-10-01-at-14.36.53-1-169x300.jpeg 169w, https:\/\/riudelletres.cat\/wp-content\/uploads\/2024\/06\/WhatsApp-Image-2023-10-01-at-14.36.53-1-768x1365.jpeg 768w, https:\/\/riudelletres.cat\/wp-content\/uploads\/2024\/06\/WhatsApp-Image-2023-10-01-at-14.36.53-1-864x1536.jpeg 864w, https:\/\/riudelletres.cat\/wp-content\/uploads\/2024\/06\/WhatsApp-Image-2023-10-01-at-14.36.53-1.jpeg 1125w\" sizes=\"(max-width: 576px) 100vw, 576px\" \/><\/figure><\/li><li class=\"blocks-gallery-item\"><figure><img loading=\"lazy\" width=\"1024\" height=\"768\" src=\"http:\/\/riudelletres.cat\/wp-content\/uploads\/2024\/06\/image00052-1024x768.jpeg\" alt=\"\" data-id=\"1083\" data-full-url=\"http:\/\/riudelletres.cat\/wp-content\/uploads\/2024\/06\/image00052-scaled.jpeg\" data-link=\"https:\/\/riudelletres.cat\/index.php\/riudelletres-2023-en-imatges\/image00052\/\" class=\"wp-image-1083\" srcset=\"https:\/\/riudelletres.cat\/wp-content\/uploads\/2024\/06\/image00052-1024x768.jpeg 1024w, https:\/\/riudelletres.cat\/wp-content\/uploads\/2024\/06\/image00052-300x225.jpeg 300w, https:\/\/riudelletres.cat\/wp-content\/uploads\/2024\/06\/image00052-768x576.jpeg 768w, https:\/\/riudelletres.cat\/wp-content\/uploads\/2024\/06\/image00052-1536x1152.jpeg 1536w, https:\/\/riudelletres.cat\/wp-content\/uploads\/2024\/06\/image00052-2048x1536.jpeg 2048w, https:\/\/riudelletres.cat\/wp-content\/uploads\/2024\/06\/image00052-840x630.jpeg 840w, https:\/\/riudelletres.cat\/wp-content\/uploads\/2024\/06\/image00052-440x330.jpeg 440w\" sizes=\"(max-width: 1024px) 100vw, 1024px\" \/><\/figure><\/li><li class=\"blocks-gallery-item\"><figure><img loading=\"lazy\" width=\"1024\" height=\"768\" src=\"http:\/\/riudelletres.cat\/wp-content\/uploads\/2024\/06\/image00017-1024x768.jpeg\" alt=\"\" data-id=\"1073\" data-full-url=\"http:\/\/riudelletres.cat\/wp-content\/uploads\/2024\/06\/image00017-scaled.jpeg\" data-link=\"https:\/\/riudelletres.cat\/index.php\/riudelletres-2023-en-imatges\/image00017\/\" class=\"wp-image-1073\" srcset=\"https:\/\/riudelletres.cat\/wp-content\/uploads\/2024\/06\/image00017-1024x768.jpeg 1024w, https:\/\/riudelletres.cat\/wp-content\/uploads\/2024\/06\/image00017-300x225.jpeg 300w, https:\/\/riudelletres.cat\/wp-content\/uploads\/2024\/06\/image00017-768x576.jpeg 768w, https:\/\/riudelletres.cat\/wp-content\/uploads\/2024\/06\/image00017-1536x1152.jpeg 1536w, https:\/\/riudelletres.cat\/wp-content\/uploads\/2024\/06\/image00017-2048x1536.jpeg 2048w, https:\/\/riudelletres.cat\/wp-content\/uploads\/2024\/06\/image00017-840x630.jpeg 840w, https:\/\/riudelletres.cat\/wp-content\/uploads\/2024\/06\/image00017-440x330.jpeg 440w\" sizes=\"(max-width: 1024px) 100vw, 1024px\" \/><\/figure><\/li><li class=\"blocks-gallery-item\"><figure><img loading=\"lazy\" width=\"1024\" height=\"768\" src=\"http:\/\/riudelletres.cat\/wp-content\/uploads\/2022\/09\/image00066-1-1024x768.jpeg\" alt=\"\" data-id=\"874\" data-full-url=\"http:\/\/riudelletres.cat\/wp-content\/uploads\/2022\/09\/image00066-1-scaled.jpeg\" data-link=\"https:\/\/riudelletres.cat\/index.php\/programa-riudelletres-2022\/image00066-1\/\" class=\"wp-image-874\" srcset=\"https:\/\/riudelletres.cat\/wp-content\/uploads\/2022\/09\/image00066-1-1024x768.jpeg 1024w, https:\/\/riudelletres.cat\/wp-content\/uploads\/2022\/09\/image00066-1-300x225.jpeg 300w, https:\/\/riudelletres.cat\/wp-content\/uploads\/2022\/09\/image00066-1-768x576.jpeg 768w, https:\/\/riudelletres.cat\/wp-content\/uploads\/2022\/09\/image00066-1-1536x1152.jpeg 1536w, https:\/\/riudelletres.cat\/wp-content\/uploads\/2022\/09\/image00066-1-2048x1536.jpeg 2048w, https:\/\/riudelletres.cat\/wp-content\/uploads\/2022\/09\/image00066-1-840x630.jpeg 840w, https:\/\/riudelletres.cat\/wp-content\/uploads\/2022\/09\/image00066-1-440x330.jpeg 440w\" sizes=\"(max-width: 1024px) 100vw, 1024px\" \/><\/figure><\/li><li class=\"blocks-gallery-item\"><figure><img loading=\"lazy\" width=\"768\" height=\"1024\" src=\"http:\/\/riudelletres.cat\/wp-content\/uploads\/2022\/09\/image00053-768x1024.jpeg\" alt=\"\" data-id=\"873\" data-full-url=\"http:\/\/riudelletres.cat\/wp-content\/uploads\/2022\/09\/image00053-scaled.jpeg\" data-link=\"https:\/\/riudelletres.cat\/index.php\/programa-riudelletres-2022\/image00053\/\" class=\"wp-image-873\" srcset=\"https:\/\/riudelletres.cat\/wp-content\/uploads\/2022\/09\/image00053-768x1024.jpeg 768w, https:\/\/riudelletres.cat\/wp-content\/uploads\/2022\/09\/image00053-225x300.jpeg 225w, https:\/\/riudelletres.cat\/wp-content\/uploads\/2022\/09\/image00053-1152x1536.jpeg 1152w, https:\/\/riudelletres.cat\/wp-content\/uploads\/2022\/09\/image00053-1536x2048.jpeg 1536w, https:\/\/riudelletres.cat\/wp-content\/uploads\/2022\/09\/image00053-scaled.jpeg 1920w\" sizes=\"(max-width: 768px) 100vw, 768px\" \/><\/figure><\/li><li class=\"blocks-gallery-item\"><figure><img loading=\"lazy\" width=\"768\" height=\"1024\" src=\"http:\/\/riudelletres.cat\/wp-content\/uploads\/2022\/09\/image00030-768x1024.jpeg\" alt=\"\" data-id=\"862\" data-full-url=\"http:\/\/riudelletres.cat\/wp-content\/uploads\/2022\/09\/image00030-scaled.jpeg\" data-link=\"https:\/\/riudelletres.cat\/index.php\/programa-riudelletres-2022\/image00030\/\" class=\"wp-image-862\" srcset=\"https:\/\/riudelletres.cat\/wp-content\/uploads\/2022\/09\/image00030-768x1024.jpeg 768w, https:\/\/riudelletres.cat\/wp-content\/uploads\/2022\/09\/image00030-225x300.jpeg 225w, https:\/\/riudelletres.cat\/wp-content\/uploads\/2022\/09\/image00030-1152x1536.jpeg 1152w, https:\/\/riudelletres.cat\/wp-content\/uploads\/2022\/09\/image00030-1536x2048.jpeg 1536w, https:\/\/riudelletres.cat\/wp-content\/uploads\/2022\/09\/image00030-scaled.jpeg 1920w\" sizes=\"(max-width: 768px) 100vw, 768px\" \/><\/figure><\/li><li class=\"blocks-gallery-item\"><figure><img loading=\"lazy\" width=\"1024\" height=\"768\" src=\"http:\/\/riudelletres.cat\/wp-content\/uploads\/2022\/09\/image00019-1024x768.jpeg\" alt=\"\" data-id=\"856\" data-full-url=\"http:\/\/riudelletres.cat\/wp-content\/uploads\/2022\/09\/image00019-scaled.jpeg\" data-link=\"https:\/\/riudelletres.cat\/index.php\/programa-riudelletres-2022\/image00019\/\" class=\"wp-image-856\" srcset=\"https:\/\/riudelletres.cat\/wp-content\/uploads\/2022\/09\/image00019-1024x768.jpeg 1024w, https:\/\/riudelletres.cat\/wp-content\/uploads\/2022\/09\/image00019-300x225.jpeg 300w, https:\/\/riudelletres.cat\/wp-content\/uploads\/2022\/09\/image00019-768x576.jpeg 768w, https:\/\/riudelletres.cat\/wp-content\/uploads\/2022\/09\/image00019-1536x1152.jpeg 1536w, https:\/\/riudelletres.cat\/wp-content\/uploads\/2022\/09\/image00019-2048x1536.jpeg 2048w, https:\/\/riudelletres.cat\/wp-content\/uploads\/2022\/09\/image00019-840x630.jpeg 840w, https:\/\/riudelletres.cat\/wp-content\/uploads\/2022\/09\/image00019-440x330.jpeg 440w\" sizes=\"(max-width: 1024px) 100vw, 1024px\" \/><\/figure><\/li><li class=\"blocks-gallery-item\"><figure><img loading=\"lazy\" width=\"1024\" height=\"768\" src=\"http:\/\/riudelletres.cat\/wp-content\/uploads\/2022\/09\/image00008-1024x768.jpeg\" alt=\"\" data-id=\"842\" data-full-url=\"http:\/\/riudelletres.cat\/wp-content\/uploads\/2022\/09\/image00008-scaled.jpeg\" data-link=\"https:\/\/riudelletres.cat\/index.php\/programa-riudelletres-2022\/image00008\/\" class=\"wp-image-842\" srcset=\"https:\/\/riudelletres.cat\/wp-content\/uploads\/2022\/09\/image00008-1024x768.jpeg 1024w, https:\/\/riudelletres.cat\/wp-content\/uploads\/2022\/09\/image00008-300x225.jpeg 300w, https:\/\/riudelletres.cat\/wp-content\/uploads\/2022\/09\/image00008-768x576.jpeg 768w, https:\/\/riudelletres.cat\/wp-content\/uploads\/2022\/09\/image00008-1536x1152.jpeg 1536w, https:\/\/riudelletres.cat\/wp-content\/uploads\/2022\/09\/image00008-2048x1536.jpeg 2048w, https:\/\/riudelletres.cat\/wp-content\/uploads\/2022\/09\/image00008-840x630.jpeg 840w, https:\/\/riudelletres.cat\/wp-content\/uploads\/2022\/09\/image00008-440x330.jpeg 440w\" sizes=\"(max-width: 1024px) 100vw, 1024px\" \/><\/figure><\/li><li class=\"blocks-gallery-item\"><figure><img loading=\"lazy\" width=\"1024\" height=\"683\" src=\"http:\/\/riudelletres.cat\/wp-content\/uploads\/2021\/10\/Riudelletres-2021-20-1024x683.jpg\" alt=\"\" data-id=\"762\" data-full-url=\"http:\/\/riudelletres.cat\/wp-content\/uploads\/2021\/10\/Riudelletres-2021-20-scaled.jpg\" data-link=\"https:\/\/riudelletres.cat\/index.php\/edicions-anteriors\/programa-2021\/riudelletres-2021-20\/\" class=\"wp-image-762\" srcset=\"https:\/\/riudelletres.cat\/wp-content\/uploads\/2021\/10\/Riudelletres-2021-20-1024x683.jpg 1024w, https:\/\/riudelletres.cat\/wp-content\/uploads\/2021\/10\/Riudelletres-2021-20-300x200.jpg 300w, https:\/\/riudelletres.cat\/wp-content\/uploads\/2021\/10\/Riudelletres-2021-20-768x512.jpg 768w, https:\/\/riudelletres.cat\/wp-content\/uploads\/2021\/10\/Riudelletres-2021-20-1536x1024.jpg 1536w, https:\/\/riudelletres.cat\/wp-content\/uploads\/2021\/10\/Riudelletres-2021-20-2048x1365.jpg 2048w\" sizes=\"(max-width: 1024px) 100vw, 1024px\" \/><\/figure><\/li><li class=\"blocks-gallery-item\"><figure><img loading=\"lazy\" width=\"1024\" height=\"683\" src=\"http:\/\/riudelletres.cat\/wp-content\/uploads\/2021\/10\/Riudelletres-2021-52-1024x683.jpg\" alt=\"\" data-id=\"761\" data-full-url=\"http:\/\/riudelletres.cat\/wp-content\/uploads\/2021\/10\/Riudelletres-2021-52-scaled.jpg\" data-link=\"https:\/\/riudelletres.cat\/index.php\/edicions-anteriors\/programa-2021\/riudelletres-2021-52\/\" class=\"wp-image-761\" srcset=\"https:\/\/riudelletres.cat\/wp-content\/uploads\/2021\/10\/Riudelletres-2021-52-1024x683.jpg 1024w, https:\/\/riudelletres.cat\/wp-content\/uploads\/2021\/10\/Riudelletres-2021-52-300x200.jpg 300w, https:\/\/riudelletres.cat\/wp-content\/uploads\/2021\/10\/Riudelletres-2021-52-768x512.jpg 768w, https:\/\/riudelletres.cat\/wp-content\/uploads\/2021\/10\/Riudelletres-2021-52-1536x1024.jpg 1536w, https:\/\/riudelletres.cat\/wp-content\/uploads\/2021\/10\/Riudelletres-2021-52-2048x1365.jpg 2048w\" sizes=\"(max-width: 1024px) 100vw, 1024px\" \/><\/figure><\/li><li class=\"blocks-gallery-item\"><figure><img loading=\"lazy\" width=\"1024\" height=\"683\" src=\"http:\/\/riudelletres.cat\/wp-content\/uploads\/2021\/10\/Riudelletres-2021-7-1024x683.jpg\" alt=\"\" data-id=\"753\" data-full-url=\"http:\/\/riudelletres.cat\/wp-content\/uploads\/2021\/10\/Riudelletres-2021-7-scaled.jpg\" data-link=\"https:\/\/riudelletres.cat\/index.php\/edicions-anteriors\/programa-2021\/riudelletres-2021-7\/\" class=\"wp-image-753\" srcset=\"https:\/\/riudelletres.cat\/wp-content\/uploads\/2021\/10\/Riudelletres-2021-7-1024x683.jpg 1024w, https:\/\/riudelletres.cat\/wp-content\/uploads\/2021\/10\/Riudelletres-2021-7-300x200.jpg 300w, https:\/\/riudelletres.cat\/wp-content\/uploads\/2021\/10\/Riudelletres-2021-7-768x512.jpg 768w, https:\/\/riudelletres.cat\/wp-content\/uploads\/2021\/10\/Riudelletres-2021-7-1536x1024.jpg 1536w, https:\/\/riudelletres.cat\/wp-content\/uploads\/2021\/10\/Riudelletres-2021-7-2048x1365.jpg 2048w\" sizes=\"(max-width: 1024px) 100vw, 1024px\" \/><\/figure><\/li><li class=\"blocks-gallery-item\"><figure><img loading=\"lazy\" width=\"1024\" height=\"683\" src=\"http:\/\/riudelletres.cat\/wp-content\/uploads\/2021\/10\/Riudelletres-2021-17-1024x683.jpg\" alt=\"\" data-id=\"760\" data-full-url=\"http:\/\/riudelletres.cat\/wp-content\/uploads\/2021\/10\/Riudelletres-2021-17-scaled.jpg\" data-link=\"https:\/\/riudelletres.cat\/index.php\/edicions-anteriors\/programa-2021\/riudelletres-2021-17\/\" class=\"wp-image-760\" srcset=\"https:\/\/riudelletres.cat\/wp-content\/uploads\/2021\/10\/Riudelletres-2021-17-1024x683.jpg 1024w, https:\/\/riudelletres.cat\/wp-content\/uploads\/2021\/10\/Riudelletres-2021-17-300x200.jpg 300w, https:\/\/riudelletres.cat\/wp-content\/uploads\/2021\/10\/Riudelletres-2021-17-768x512.jpg 768w, https:\/\/riudelletres.cat\/wp-content\/uploads\/2021\/10\/Riudelletres-2021-17-1536x1024.jpg 1536w, https:\/\/riudelletres.cat\/wp-content\/uploads\/2021\/10\/Riudelletres-2021-17-2048x1365.jpg 2048w\" sizes=\"(max-width: 1024px) 100vw, 1024px\" \/><\/figure><\/li><li class=\"blocks-gallery-item\"><figure><img loading=\"lazy\" width=\"1024\" height=\"768\" src=\"http:\/\/riudelletres.cat\/wp-content\/uploads\/2021\/10\/IMG_20210926_180849_126-1024x768.jpg\" alt=\"\" data-id=\"740\" data-full-url=\"http:\/\/riudelletres.cat\/wp-content\/uploads\/2021\/10\/IMG_20210926_180849_126-scaled.jpg\" data-link=\"https:\/\/riudelletres.cat\/index.php\/edicions-anteriors\/programa-2021\/img_20210926_180849_126\/\" class=\"wp-image-740\" srcset=\"https:\/\/riudelletres.cat\/wp-content\/uploads\/2021\/10\/IMG_20210926_180849_126-1024x768.jpg 1024w, https:\/\/riudelletres.cat\/wp-content\/uploads\/2021\/10\/IMG_20210926_180849_126-300x225.jpg 300w, https:\/\/riudelletres.cat\/wp-content\/uploads\/2021\/10\/IMG_20210926_180849_126-768x576.jpg 768w, https:\/\/riudelletres.cat\/wp-content\/uploads\/2021\/10\/IMG_20210926_180849_126-1536x1152.jpg 1536w, https:\/\/riudelletres.cat\/wp-content\/uploads\/2021\/10\/IMG_20210926_180849_126-2048x1536.jpg 2048w, https:\/\/riudelletres.cat\/wp-content\/uploads\/2021\/10\/IMG_20210926_180849_126-840x630.jpg 840w, https:\/\/riudelletres.cat\/wp-content\/uploads\/2021\/10\/IMG_20210926_180849_126-440x330.jpg 440w\" sizes=\"(max-width: 1024px) 100vw, 1024px\" \/><\/figure><\/li><li class=\"blocks-gallery-item\"><figure><img loading=\"lazy\" width=\"1024\" height=\"683\" src=\"http:\/\/riudelletres.cat\/wp-content\/uploads\/2021\/10\/Riudelletres-2021-29-1024x683.jpg\" alt=\"\" data-id=\"742\" data-full-url=\"http:\/\/riudelletres.cat\/wp-content\/uploads\/2021\/10\/Riudelletres-2021-29-scaled.jpg\" data-link=\"https:\/\/riudelletres.cat\/index.php\/edicions-anteriors\/programa-2021\/riudelletres-2021-29\/\" class=\"wp-image-742\" srcset=\"https:\/\/riudelletres.cat\/wp-content\/uploads\/2021\/10\/Riudelletres-2021-29-1024x683.jpg 1024w, https:\/\/riudelletres.cat\/wp-content\/uploads\/2021\/10\/Riudelletres-2021-29-300x200.jpg 300w, https:\/\/riudelletres.cat\/wp-content\/uploads\/2021\/10\/Riudelletres-2021-29-768x512.jpg 768w, https:\/\/riudelletres.cat\/wp-content\/uploads\/2021\/10\/Riudelletres-2021-29-1536x1024.jpg 1536w, https:\/\/riudelletres.cat\/wp-content\/uploads\/2021\/10\/Riudelletres-2021-29-2048x1365.jpg 2048w\" sizes=\"(max-width: 1024px) 100vw, 1024px\" \/><\/figure><\/li><li class=\"blocks-gallery-item\"><figure><img loading=\"lazy\" width=\"1024\" height=\"768\" src=\"http:\/\/riudelletres.cat\/wp-content\/uploads\/2021\/10\/IMG_20210926_123534_393-1024x768.jpg\" alt=\"\" data-id=\"732\" data-full-url=\"http:\/\/riudelletres.cat\/wp-content\/uploads\/2021\/10\/IMG_20210926_123534_393-scaled.jpg\" data-link=\"https:\/\/riudelletres.cat\/index.php\/edicions-anteriors\/programa-2021\/img_20210926_123534_393\/\" class=\"wp-image-732\" srcset=\"https:\/\/riudelletres.cat\/wp-content\/uploads\/2021\/10\/IMG_20210926_123534_393-1024x768.jpg 1024w, https:\/\/riudelletres.cat\/wp-content\/uploads\/2021\/10\/IMG_20210926_123534_393-300x225.jpg 300w, https:\/\/riudelletres.cat\/wp-content\/uploads\/2021\/10\/IMG_20210926_123534_393-768x576.jpg 768w, https:\/\/riudelletres.cat\/wp-content\/uploads\/2021\/10\/IMG_20210926_123534_393-1536x1152.jpg 1536w, https:\/\/riudelletres.cat\/wp-content\/uploads\/2021\/10\/IMG_20210926_123534_393-2048x1536.jpg 2048w, https:\/\/riudelletres.cat\/wp-content\/uploads\/2021\/10\/IMG_20210926_123534_393-840x630.jpg 840w, https:\/\/riudelletres.cat\/wp-content\/uploads\/2021\/10\/IMG_20210926_123534_393-440x330.jpg 440w\" sizes=\"(max-width: 1024px) 100vw, 1024px\" \/><\/figure><\/li><li class=\"blocks-gallery-item\"><figure><img loading=\"lazy\" width=\"1024\" height=\"683\" src=\"http:\/\/riudelletres.cat\/wp-content\/uploads\/2020\/09\/Riudelletres-04-1024x683.jpg\" alt=\"\" data-id=\"267\" data-full-url=\"http:\/\/riudelletres.cat\/wp-content\/uploads\/2020\/09\/Riudelletres-04.jpg\" data-link=\"https:\/\/riudelletres.cat\/index.php\/2020\/09\/30\/el-riudelletres-2020-se-celebra-amb-una-molt-bona-participacio\/riudelletres-04\/\" class=\"wp-image-267\" srcset=\"https:\/\/riudelletres.cat\/wp-content\/uploads\/2020\/09\/Riudelletres-04-1024x683.jpg 1024w, https:\/\/riudelletres.cat\/wp-content\/uploads\/2020\/09\/Riudelletres-04-300x200.jpg 300w, https:\/\/riudelletres.cat\/wp-content\/uploads\/2020\/09\/Riudelletres-04-768x512.jpg 768w\" sizes=\"(max-width: 1024px) 100vw, 1024px\" \/><\/figure><\/li><li class=\"blocks-gallery-item\"><figure><img loading=\"lazy\" width=\"1024\" height=\"683\" src=\"http:\/\/riudelletres.cat\/wp-content\/uploads\/2020\/09\/Riudelletres-43-1024x683.jpg\" alt=\"\" data-id=\"261\" data-full-url=\"http:\/\/riudelletres.cat\/wp-content\/uploads\/2020\/09\/Riudelletres-43.jpg\" data-link=\"https:\/\/riudelletres.cat\/index.php\/2020\/09\/30\/el-riudelletres-2020-se-celebra-amb-una-molt-bona-participacio\/riudelletres-43\/\" class=\"wp-image-261\" srcset=\"https:\/\/riudelletres.cat\/wp-content\/uploads\/2020\/09\/Riudelletres-43-1024x683.jpg 1024w, https:\/\/riudelletres.cat\/wp-content\/uploads\/2020\/09\/Riudelletres-43-300x200.jpg 300w, https:\/\/riudelletres.cat\/wp-content\/uploads\/2020\/09\/Riudelletres-43-768x512.jpg 768w\" sizes=\"(max-width: 1024px) 100vw, 1024px\" \/><\/figure><\/li><li class=\"blocks-gallery-item\"><figure><img loading=\"lazy\" width=\"1024\" height=\"683\" src=\"http:\/\/riudelletres.cat\/wp-content\/uploads\/2020\/09\/Riudelletres-32-1024x683.jpg\" alt=\"\" data-id=\"253\" data-full-url=\"http:\/\/riudelletres.cat\/wp-content\/uploads\/2020\/09\/Riudelletres-32.jpg\" data-link=\"https:\/\/riudelletres.cat\/index.php\/2020\/09\/30\/el-riudelletres-2020-se-celebra-amb-una-molt-bona-participacio\/riudelletres-32\/\" class=\"wp-image-253\" srcset=\"https:\/\/riudelletres.cat\/wp-content\/uploads\/2020\/09\/Riudelletres-32-1024x683.jpg 1024w, https:\/\/riudelletres.cat\/wp-content\/uploads\/2020\/09\/Riudelletres-32-300x200.jpg 300w, https:\/\/riudelletres.cat\/wp-content\/uploads\/2020\/09\/Riudelletres-32-768x512.jpg 768w\" sizes=\"(max-width: 1024px) 100vw, 1024px\" \/><\/figure><\/li><li class=\"blocks-gallery-item\"><figure><img loading=\"lazy\" width=\"1024\" height=\"683\" src=\"http:\/\/riudelletres.cat\/wp-content\/uploads\/2020\/09\/Riudelletres-9-1024x683.jpg\" alt=\"\" data-id=\"236\" data-full-url=\"http:\/\/riudelletres.cat\/wp-content\/uploads\/2020\/09\/Riudelletres-9.jpg\" data-link=\"https:\/\/riudelletres.cat\/index.php\/2020\/09\/30\/el-riudelletres-2020-se-celebra-amb-una-molt-bona-participacio\/riudelletres-9\/\" class=\"wp-image-236\" srcset=\"https:\/\/riudelletres.cat\/wp-content\/uploads\/2020\/09\/Riudelletres-9-1024x683.jpg 1024w, https:\/\/riudelletres.cat\/wp-content\/uploads\/2020\/09\/Riudelletres-9-300x200.jpg 300w, https:\/\/riudelletres.cat\/wp-content\/uploads\/2020\/09\/Riudelletres-9-768x512.jpg 768w\" sizes=\"(max-width: 1024px) 100vw, 1024px\" \/><\/figure><\/li><li class=\"blocks-gallery-item\"><figure><img loading=\"lazy\" width=\"683\" height=\"1024\" src=\"http:\/\/riudelletres.cat\/wp-content\/uploads\/2020\/06\/DSC04409-683x1024.jpg\" alt=\"\" data-id=\"177\" data-full-url=\"http:\/\/riudelletres.cat\/wp-content\/uploads\/2020\/06\/DSC04409.jpg\" data-link=\"https:\/\/riudelletres.cat\/index.php\/edicions-anteriors\/dsc04409\/\" class=\"wp-image-177\" srcset=\"https:\/\/riudelletres.cat\/wp-content\/uploads\/2020\/06\/DSC04409-683x1024.jpg 683w, https:\/\/riudelletres.cat\/wp-content\/uploads\/2020\/06\/DSC04409-200x300.jpg 200w, https:\/\/riudelletres.cat\/wp-content\/uploads\/2020\/06\/DSC04409-768x1152.jpg 768w\" sizes=\"(max-width: 683px) 100vw, 683px\" \/><\/figure><\/li><li class=\"blocks-gallery-item\"><figure><img loading=\"lazy\" width=\"1024\" height=\"683\" src=\"http:\/\/riudelletres.cat\/wp-content\/uploads\/2020\/06\/DSC04418-1024x683.jpg\" alt=\"\" data-id=\"179\" data-full-url=\"http:\/\/riudelletres.cat\/wp-content\/uploads\/2020\/06\/DSC04418.jpg\" data-link=\"https:\/\/riudelletres.cat\/index.php\/edicions-anteriors\/dsc04418\/\" class=\"wp-image-179\" srcset=\"https:\/\/riudelletres.cat\/wp-content\/uploads\/2020\/06\/DSC04418-1024x683.jpg 1024w, https:\/\/riudelletres.cat\/wp-content\/uploads\/2020\/06\/DSC04418-300x200.jpg 300w, https:\/\/riudelletres.cat\/wp-content\/uploads\/2020\/06\/DSC04418-768x512.jpg 768w\" sizes=\"(max-width: 1024px) 100vw, 1024px\" \/><\/figure><\/li><\/ul><\/figure>\n\n\n\n<p><\/p>\n\n\n\n<p><\/p>\n","protected":false},"excerpt":{"rendered":"<p>El Riudelletres va comen\u00e7ar a rodar el 2017 amb una primera xerrada i una taula rodona per parlar sobre l\u2019estat de la promoci\u00f3 liter\u00e0ria i del m\u00f3n editorial en general. Aquell va ser l&#8217;embri\u00f3 d&#8217;una<\/p>\n","protected":false},"author":1,"featured_media":0,"parent":0,"menu_order":0,"comment_status":"closed","ping_status":"closed","template":"","meta":[],"_links":{"self":[{"href":"https:\/\/riudelletres.cat\/index.php\/wp-json\/wp\/v2\/pages\/31"}],"collection":[{"href":"https:\/\/riudelletres.cat\/index.php\/wp-json\/wp\/v2\/pages"}],"about":[{"href":"https:\/\/riudelletres.cat\/index.php\/wp-json\/wp\/v2\/types\/page"}],"author":[{"embeddable":true,"href":"https:\/\/riudelletres.cat\/index.php\/wp-json\/wp\/v2\/users\/1"}],"replies":[{"embeddable":true,"href":"https:\/\/riudelletres.cat\/index.php\/wp-json\/wp\/v2\/comments?post=31"}],"version-history":[{"count":8,"href":"https:\/\/riudelletres.cat\/index.php\/wp-json\/wp\/v2\/pages\/31\/revisions"}],"predecessor-version":[{"id":1261,"href":"https:\/\/riudelletres.cat\/index.php\/wp-json\/wp\/v2\/pages\/31\/revisions\/1261"}],"wp:attachment":[{"href":"https:\/\/riudelletres.cat\/index.php\/wp-json\/wp\/v2\/media?parent=31"}],"curies":[{"name":"wp","href":"https:\/\/api.w.org\/{rel}","templated":true}]}}